{"id":1467,"date":"2021-03-04T01:24:33","date_gmt":"2021-03-04T01:24:33","guid":{"rendered":"https:\/\/corocantabile.gal\/discography\/sacra-et-profana-varios-artistas-2013\/"},"modified":"2021-12-05T17:49:44","modified_gmt":"2021-12-05T17:49:44","slug":"sacra-et-profana-varios-artistas-2013","status":"publish","type":"ignition-discography","link":"https:\/\/corocantabile.gal\/es\/discography\/sacra-et-profana-varios-artistas-2013\/","title":{"rendered":"Sacra et Profana. Varios artistas. 2013"},"content":{"rendered":"\n<p><a rel=\"noreferrer noopener\" href=\"https:\/\/sacraetprofana.bandcamp.com\/album\/sacra-et-profana\" data-type=\"URL\" data-id=\"https:\/\/sacraetprofana.bandcamp.com\/album\/sacra-et-profana\" target=\"_blank\">Doble CD en un formato con libreto de 24 p\u00e1ginas<\/a>.<\/p>\n\n<p>En este disco colaboramos con dos canciones de nuestro repertorio. Lo puedes escuchar y comprar en <a rel=\"noreferrer noopener\" href=\"http:\/\/sacraetprofana.bandcamp.com\/album\/sacra-et-profana\" target=\"_blank\">Bandcamp<\/a>.<br\/><br\/><em>Bajo el t\u00edtulo \u201cSacra et Profana\u201d se esconde a grosso modo la realidad hilem\u00f3rfica de la m\u00fasica y m\u00e1s en concreto la dualidad en la polifon\u00eda del S.XVI \u2026Alimento del alma con piezas sacras, religiosas y lit\u00fargicas que elevan el esp\u00edritu\u2026 Sustento del cuerpo con obras profanas y populares fruto de las pasiones y esencias mundanas. Todo en equilibrio dentro de un \u00e1lbum grabado en 2013 por los m\u00e1s diversos rincones de la pen\u00ednsula, en la voz de 12 de las agrupaciones musicales m\u00e1s representativas, especializadas en los sonidos principalmente hispanos del S.XVI\u2026 (Francisco Guerrero, Tom\u00e1s Luis de Victoria, Jvan V\u00e1squez, Mateo Flecha \u201cEl viejo\u201d, \u2026y un largo etc\u00e9tera)<br\/><br\/>\u201cSacra et Profana\u201d, proyecto tit\u00e1nico de producci\u00f3n largamente acariciado en el tiempo, nacer\u00e1 en septiembre como colof\u00f3n al X aniversario de la productora Microrec (<a href=\"http:\/\/www.microrec.es\">www.microrec.es<\/a>) y la vocaci\u00f3n de recoger la historia del siglo de oro de la m\u00fasica y darle de nuevo esplendor en el presente. Cabe destacar que algunas de las piezas nunca han sido grabadas con anterioridad.<\/em><br\/><br\/>Coro de C\u00e1mara Alterum Cor (Valladolid)<br\/>Ars Mvsica (Murcia)<br\/>Coro Tom\u00e1s Luis de Victoria (Granada)<br\/>Coro de C\u00e1mara Nova Mvsica (San Fernando, C\u00e1diz)<br\/>Coro Cantabile (A Coru\u00f1a)<br\/>Coro de C\u00e1mara de La Coru\u00f1a (A Coru\u00f1a)<br\/>Capilla de la Divina Comedia (Bembibre, Le\u00f3n)<br\/>C. P. de la Bas\u00edlica de San Juan de Dios (Granada)<br\/>Coro de C\u00e1mara Gaudia M\u00fasica (Guriezo. Cantabria)<br\/>Ars Poliphonica (Santander. Cantabria)<br\/>Vox Nova. Coro de C\u00e1mara (Madrid)<br\/>Coro de C\u00e1mara \u201cUbi Sunt?\u201d (M\u00e9rida, Badajoz)<\/p>\n\n<h3 id=\"block-295225-9db0-48\" class=\"wp-block-gutenbee-heading block-295225-9db0-48\">Temas<\/h3>\n\n<p>CD 1 \u2013 Sacra et Profana \u2013 Alimento del alma:<\/p>\n\n<ol><li>Ductus ets Iesus \u2013 Sebasti\u00e1n de Vivanco \u2013 Ars Mvsica \u2013 Murcia<\/li><li>Cantate Domino \u2013 Franciso Guerrero \u2013 Coro Tom\u00e1s Luis de Victoria \u2013 Granada<\/li><li>Huyd, huyd \u2013 Francisco Guerrero \u2013 Coro de C\u00e1mara Nova Mvsica \u2013 San Fernando, Cadiz<\/li><li><strong>Exultate Justi \u2013 Lodovico Viadana \u2013 Coro Cantabile \u2013 A Coru\u00f1a<\/strong><\/li><li>O quam gloriosum \u2013 Tom\u00e1s Luis de Victoria \u2013 Capilla de la Divina comedia \u2013 Bembibre, Le\u00f3n<\/li><li>Regina Caeli \u2013 Luis de Aranda \u2013 C.P. de la Bas\u00edlica de San Juan de Dios \u2013 Granada<\/li><li>Popule Meus \u2013 Tom\u00e1s Luis de Victoria \u2013 Coro de C\u00e1mara Gaudia M\u00fasica \u2013 Santander<\/li><li>Ave, dulcissima Mar\u00eda \u2013 Carlo Gesualdo da Venosa \u2013 Ars Poliphonica \u2013 Santander<\/li><li>Laudate Pueri Dominum \u2013 tom\u00e1s Luis de Victoria \u2013 Vox Nova Coro de C\u00e1mara \u2013 Madrid<\/li><li>El Jubilate \u2013 Matel Flecha \u201cEl viejo\u201d \u2013 Coro de C\u00e1mara de La Coru\u00f1a<\/li><li>Sana me Domine, et sanabor \u2013 Jvan V\u00e1squez \u2013 Coro de C\u00e1mara \u201cUbi Sunt?\u201d \u2013 M\u00e9rida, Badajoz.<\/li><li>Magnificat Primi Toni \u2013 Tom\u00e1s Luis de Victoria \u2013 Coro de C\u00e1mara Alterum Cor \u2013 Valladolid.<\/li><\/ol>\n\n<p>CD 2 \u2013 Sacra et Profana \u2013 Sustento del cuerpo:<\/p>\n\n<ol><li>La tricotrea \u2013 Alonso \u2013 Vox Nova Coro de C\u00e1mara \u2013 Madrid<\/li><li>Le chant des Oyseaux \u2013 Cl\u00e9ment Janequin \u2013 Como de C\u00e1mara Alterum Cor<\/li><li>Por vida de mis ojos \u2013 Jvan V\u00e1squez \u2013 Coro de C\u00e1mara de La Coru\u00f1a<\/li><li>En tanto que de rosa \u2013 Francisco Guerrero \u2013 Ars Mvsica \u2013 Murcia<\/li><li>L\u00e1grimas de mi consuelo \u2013 Antonio Cebrian \u2013 Coro de c\u00e1mara Nova Mvsica, San Fernando, C\u00e1diz<\/li><li>Si no os hubiera mirado \u2013 Jvan V\u00e1squez \u2013 Coro de C\u00e1mara \u201cUbi Sunt?\u201d \u2013 M\u00e9rida, Badajoz.<\/li><li>Ah\u00ed tormentosi abissi \u2013 Orazio Vecchi \u2013 Ars Poliphonica \u2013 Santander<\/li><li>Tu dorado Cabello \u2013 Francisco Guerrero \u2013 Coro de C\u00e1mara Gaudi M\u00fasica \u2013 Santander<\/li><li>Amargas Oras \u2013 rodrigo de Ceballos \u2013 C. P. de la Bas\u00edlica de San Juan de Dios \u2013 Granada<\/li><li>Ah, hermosa \u2013 Jvan V\u00e1squez \u2013 Coro Tom\u00e1s Luis de Victoria \u2013 Granada<\/li><li><strong>Dadme albricias, hijos d\u00b4Eva \u2013 An\u00f3nimo \u2013 Coro Cantabile \u2013 A Coru\u00f1a<\/strong><\/li><li>Prado verde y florido \u2013 Francisco Guerrero \u2013 Capilla de la Divina Comedia \u2013 Bembibre, Le\u00f3n<\/li><\/ol>\n","protected":false},"excerpt":{"rendered":"<p>Doble CD en un formato con libreto de 24 p\u00e1ginas. En este disco colaboramos con dos canciones de nuestro repertorio. Lo puedes escuchar y comprar en Bandcamp. Bajo el t\u00edtulo \u201cSacra et Profana\u201d se esconde [&hellip;]<\/p>\n","protected":false},"featured_media":1024,"template":"templates\/template-sidebar-image-meta.php","ignition_discography_category":[],"_links":{"self":[{"href":"https:\/\/corocantabile.gal\/es\/wp-json\/wp\/v2\/ignition-discography\/1467"}],"collection":[{"href":"https:\/\/corocantabile.gal\/es\/wp-json\/wp\/v2\/ignition-discography"}],"about":[{"href":"https:\/\/corocantabile.gal\/es\/wp-json\/wp\/v2\/types\/ignition-discography"}],"wp:featuredmedia":[{"embeddable":true,"href":"https:\/\/corocantabile.gal\/es\/wp-json\/wp\/v2\/media\/1024"}],"wp:attachment":[{"href":"https:\/\/corocantabile.gal\/es\/wp-json\/wp\/v2\/media?parent=1467"}],"wp:term":[{"taxonomy":"ignition_discography_category","embeddable":true,"href":"https:\/\/corocantabile.gal\/es\/wp-json\/wp\/v2\/ignition_discography_category?post=1467"}],"curies":[{"name":"wp","href":"https:\/\/api.w.org\/{rel}","templated":true}]}}