{"id":1469,"date":"2021-03-02T01:24:32","date_gmt":"2021-03-02T01:24:32","guid":{"rendered":"https:\/\/corocantabile.gal\/discography\/de-profundis-bso-2007\/"},"modified":"2021-12-02T19:26:58","modified_gmt":"2021-12-02T19:26:58","slug":"de-profundis-bso-2007","status":"publish","type":"ignition-discography","link":"https:\/\/corocantabile.gal\/es\/discography\/de-profundis-bso-2007\/","title":{"rendered":"De Profundis. BSO. 2007"},"content":{"rendered":"\n<p><br\/>Banda Sonora de la pel\u00edcula de <a rel=\"noreferrer noopener\" href=\"https:\/\/www.miguelanxoprado.com\" data-type=\"URL\" data-id=\"https:\/\/www.miguelanxoprado.com\" target=\"_blank\">Miguelanxo Prado<\/a>, compuesta y orquestrada por <a rel=\"noreferrer noopener\" href=\"http:\/\/www.nanigarcia.com\/info.php?idioma=gl&amp;id=21&amp;sec=10\" data-type=\"URL\" data-id=\"http:\/\/www.nanigarcia.com\/info.php?idioma=gl&amp;id=21&amp;sec=10\" target=\"_blank\">Nani Garc\u00eda<\/a> e interpretada por la Orquestra Sinf\u00f3nica de Galicia. Con la colaboraci\u00f3n, entre otros, del Coro Cantabile.<\/p>\n\n<p>M\u00e1s informaci\u00f3n sobre el disco <a rel=\"noreferrer noopener\" href=\"https:\/\/www.miguelanxoprado.com\/gl\/obra\/animacion\/de-profundis\" data-type=\"URL\" data-id=\"https:\/\/www.miguelanxoprado.com\/gl\/obra\/animacion\/de-profundis\" target=\"_blank\">aqu\u00ed<\/a>.<\/p>\n","protected":false},"excerpt":{"rendered":"<p>Banda Sonora de la pel\u00edcula de Miguelanxo Prado, compuesta y orquestrada por Nani Garc\u00eda e interpretada por la Orquestra Sinf\u00f3nica de Galicia. Con la colaboraci\u00f3n, entre otros, del Coro Cantabile. M\u00e1s informaci\u00f3n sobre el disco [&hellip;]<\/p>\n","protected":false},"featured_media":1141,"template":"templates\/template-sidebar-image-meta.php","ignition_discography_category":[],"_links":{"self":[{"href":"https:\/\/corocantabile.gal\/es\/wp-json\/wp\/v2\/ignition-discography\/1469"}],"collection":[{"href":"https:\/\/corocantabile.gal\/es\/wp-json\/wp\/v2\/ignition-discography"}],"about":[{"href":"https:\/\/corocantabile.gal\/es\/wp-json\/wp\/v2\/types\/ignition-discography"}],"wp:featuredmedia":[{"embeddable":true,"href":"https:\/\/corocantabile.gal\/es\/wp-json\/wp\/v2\/media\/1141"}],"wp:attachment":[{"href":"https:\/\/corocantabile.gal\/es\/wp-json\/wp\/v2\/media?parent=1469"}],"wp:term":[{"taxonomy":"ignition_discography_category","embeddable":true,"href":"https:\/\/corocantabile.gal\/es\/wp-json\/wp\/v2\/ignition_discography_category?post=1469"}],"curies":[{"name":"wp","href":"https:\/\/api.w.org\/{rel}","templated":true}]}}