{"id":1306,"date":"2021-11-16T09:50:30","date_gmt":"2021-11-16T09:50:30","guid":{"rendered":"https:\/\/corocantabile.gal\/la-asociacion\/"},"modified":"2024-10-01T13:11:55","modified_gmt":"2024-10-01T13:11:55","slug":"la-asociacion","status":"publish","type":"page","link":"https:\/\/corocantabile.gal\/es\/la-asociacion\/","title":{"rendered":"La Asociaci\u00f3n"},"content":{"rendered":"\n<p>Esta p\u00e1gina contiene los documentos relevantes de <strong>la Asociaci\u00f3n Musical y Cultural Cantabile<\/strong> para la difusi\u00f3n de sus principios constitutivos y el fortalecimiento de su gesti\u00f3n administrativa.<\/p>\n\n<ul><li><a href=\"https:\/\/corocantabile.gal\/wp-content\/uploads\/2021\/11\/Estatutos2019Rexistro.pdf\">Estatutos<\/a> .<\/li><\/ul>\n\n<h3>Documentos 2019<\/h3>\n\n<ul><li><a href=\"https:\/\/corocantabile.gal\/wp-content\/uploads\/2021\/11\/BalanceSituacionResultado2019.pdf\">Cuentas anuales<\/a><\/li><li><a href=\"https:\/\/corocantabile.gal\/wp-content\/uploads\/2021\/11\/MemoriaActividades2019.pdf\">Memoria de actividades<\/a><\/li><li><a href=\"https:\/\/corocantabile.gal\/wp-content\/uploads\/2021\/11\/Acta-Asemblea-Xeral-Extraordinaria-20193103.pdf\">Acta de la asamblea<\/a>.<\/li><\/ul>\n\n<h3>  Documentos 2020  <\/h3>\n\n<ul><li><a href=\"https:\/\/corocantabile.gal\/wp-content\/uploads\/2024\/09\/Balance-2020-Asociacion-Cultural-2.pdf\">Cuentas anuales<\/a><\/li><li><a href=\"https:\/\/corocantabile.gal\/wp-content\/uploads\/2024\/09\/MemoriaActividades2020-1.pdf\">Memoria de actividades<\/a><\/li><li>Acta de la asamblea<\/li><\/ul>\n\n<h3>  Documentos 2021  <\/h3>\n\n<ul><li><a href=\"https:\/\/corocantabile.gal\/wp-content\/uploads\/2024\/09\/BALANCE-2021.pdf\">Cuentas anuales<\/a><\/li><li><a href=\"https:\/\/corocantabile.gal\/wp-content\/uploads\/2024\/09\/MemoriaActividades2021.pdf\">Memoria de actividades<\/a><\/li><li>Acta de la asamblea<\/li><\/ul>\n\n<h3>Documentos 2022<\/h3>\n\n<ul><li><a href=\"https:\/\/corocantabile.gal\/wp-content\/uploads\/2024\/09\/Balance-Definitivo-2022.pdf\">Cuentas anuales<\/a><\/li><li><a href=\"https:\/\/corocantabile.gal\/wp-content\/uploads\/2024\/09\/Memoria-de-Actividades-2022.pdf\" data-type=\"URL\" data-id=\"https:\/\/corocantabile.gal\/wp-content\/uploads\/2024\/09\/Memoria-de-Actividades-2022.pdf\">Memoria de actividades<\/a><\/li><li>Acta de la asamblea<\/li><\/ul>\n\n<h3>Documentos 2023<\/h3>\n\n<ul><li><a href=\"https:\/\/corocantabile.gal\/wp-content\/uploads\/2024\/09\/Balance-situacio%CC%81n-2023.pdf\">Cuentas anuales<\/a><\/li><li><a href=\"https:\/\/corocantabile.gal\/wp-content\/uploads\/2024\/10\/MEMORIA-DE-ACTIVIDADES-2023-1.pdf\">Memoria de actividades<\/a><\/li><li>Acta de la asamblea<\/li><\/ul>\n\n<p><br\/><\/p>\n","protected":false},"excerpt":{"rendered":"<p>Esta p\u00e1gina contiene los documentos relevantes de la Asociaci\u00f3n Musical y Cultural Cantabile para la difusi\u00f3n de sus principios constitutivos y el fortalecimiento de su gesti\u00f3n administrativa. Estatutos . Documentos 2019 Cuentas anuales Memoria de [&hellip;]<\/p>\n","protected":false},"author":2,"featured_media":0,"parent":0,"menu_order":0,"comment_status":"closed","ping_status":"closed","template":"","meta":[],"_links":{"self":[{"href":"https:\/\/corocantabile.gal\/es\/wp-json\/wp\/v2\/pages\/1306"}],"collection":[{"href":"https:\/\/corocantabile.gal\/es\/wp-json\/wp\/v2\/pages"}],"about":[{"href":"https:\/\/corocantabile.gal\/es\/wp-json\/wp\/v2\/types\/page"}],"author":[{"embeddable":true,"href":"https:\/\/corocantabile.gal\/es\/wp-json\/wp\/v2\/users\/2"}],"replies":[{"embeddable":true,"href":"https:\/\/corocantabile.gal\/es\/wp-json\/wp\/v2\/comments?post=1306"}],"version-history":[{"count":1,"href":"https:\/\/corocantabile.gal\/es\/wp-json\/wp\/v2\/pages\/1306\/revisions"}],"predecessor-version":[{"id":3119,"href":"https:\/\/corocantabile.gal\/es\/wp-json\/wp\/v2\/pages\/1306\/revisions\/3119"}],"wp:attachment":[{"href":"https:\/\/corocantabile.gal\/es\/wp-json\/wp\/v2\/media?parent=1306"}],"curies":[{"name":"wp","href":"https:\/\/api.w.org\/{rel}","templated":true}]}}