{"id":1421,"date":"2021-10-15T12:08:48","date_gmt":"2021-10-15T12:08:48","guid":{"rendered":"https:\/\/corocantabile.gal\/hogar\/"},"modified":"2023-11-22T21:32:53","modified_gmt":"2023-11-22T21:32:53","slug":"hogar","status":"publish","type":"page","link":"https:\/\/corocantabile.gal\/es\/","title":{"rendered":"Inicio"},"content":{"rendered":"\n<div id=\"block-5c0d6c-91\" class=\"wp-block-gutenbee-container block-5c0d6c-91 has-parallax theme-grid has-background-image\"><style>.wp-block-gutenbee-container.block-5c0d6c-91 { height: 100vh; margin-bottom: 0px; padding-bottom: 120px; align-items: flex-end; }\n.wp-block-gutenbee-container.block-5c0d6c-91 > .wp-block-gutenbee-container-background { background-image: url(https:\/\/corocantabile.gal\/wp-content\/uploads\/2021\/03\/home-coro1.jpg); background-repeat: no-repeat; background-size: cover; background-position: top center; background-attachment: scroll; }<\/style><div class=\"wp-block-gutenbee-container-inner\"><div class=\"wp-block-gutenbee-container-row wp-block-gutenbee-container-lg\">\n<div class=\"wp-block-gutenbee-column block-a82775-6f\"><style>.wp-block-gutenbee-column.block-a82775-6f { flex-basis: 100%; }\n\n\n      @media (max-width: 991px) {\n        .wp-block-gutenbee-column.block-a82775-6f { flex-basis: 100%; }\n      }\n    \n\n      @media (max-width: 575px) {\n        .wp-block-gutenbee-column.block-a82775-6f { flex-basis: 100%; }\n      }<\/style><div class=\"wp-block-gutenbee-column-content\">\n<p id=\"block-325fec-11\" class=\"wp-block-gutenbee-paragraph block-325fec-11 has-text-color\" style=\"color:#fece7a\">Coro infantil y juvenil<\/p><style>.wp-block-gutenbee-paragraph.block-325fec-11 { margin-bottom: 0px; font-size: 22px; }\n\n\n      @media (max-width: 575px) {\n        .wp-block-gutenbee-paragraph.block-325fec-11 { text-align: center; }\n      }<\/style>\n\n\n\n<h1 id=\"block-956f10-fc\" class=\"wp-block-gutenbee-heading block-956f10-fc has-text-color\" style=\"color:#fece7a\">Cantabile<\/h1><style>.wp-block-gutenbee-heading.block-956f10-fc { margin-bottom: 50px; font-size: 50px; }\n\n\n      @media (max-width: 575px) {\n        .wp-block-gutenbee-heading.block-956f10-fc { font-size: 36px; text-align: center; }\n      }<\/style>\n\n\n\n<div id=\"block-815eb4-3c\" class=\"wp-block-gutenbee-buttons block-815eb4-3c\"><style>.wp-block-gutenbee-buttons.block-815eb4-3c { margin-bottom: 0px; justify-content: flex-start; }\n\n\n      @media (max-width: 575px) {\n        .wp-block-gutenbee-buttons.block-815eb4-3c { justify-content: center; }\n      }<\/style>\n<div id=\"block-123703-0b\" class=\"wp-block-gutenbee-button block-123703-0b\"><style>.wp-block-gutenbee-button.block-123703-0b .gutenbee-block-button-link { margin-bottom: 0px; padding: 20px 50px 20px 50px; }<\/style><a href=\"https:\/\/corocantabile.gal\/es\/sobre-cantabile\/\" rel=\"\" class=\"gutenbee-block-button-link\">\u00a1Con\u00f3cenos!<\/a><\/div>\n<\/div>\n<\/div><\/div>\n<\/div><\/div><div class=\"wp-block-gutenbee-container-background gutenbee-parallax\" data-parallax-speed=\"0.3\"><\/div><\/div>\n\n\n\n<div class=\"wp-block-gutenbee-spacer block-6fb21a-d76d-40\" aria-hidden=\"true\"><style>.wp-block-gutenbee-spacer.block-6fb21a-d76d-40 { height: 120px; }<\/style><div class=\"wp-block-gutenbee-spacer-background\" data-parallax-speed=\"0.3\"><\/div><\/div>\n\n\n\n<div id=\"block-d89327-5d16-4f\" class=\"wp-block-gutenbee-container block-d89327-5d16-4f theme-grid\"><div class=\"wp-block-gutenbee-container-inner\"><div class=\"wp-block-gutenbee-container-row wp-block-gutenbee-container-lg\">\n<div class=\"wp-block-gutenbee-column block-019652-0678-41\"><style>.wp-block-gutenbee-column.block-019652-0678-41 { flex-basis: 100%; }\n\n\n      @media (max-width: 991px) {\n        .wp-block-gutenbee-column.block-019652-0678-41 { flex-basis: 100%; }\n      }\n    \n\n      @media (max-width: 575px) {\n        .wp-block-gutenbee-column.block-019652-0678-41 { flex-basis: 100%; }\n      }<\/style><div class=\"wp-block-gutenbee-column-content\">\n<h2 id=\"block-8cc81f-2b43-4d\" class=\"wp-block-gutenbee-heading block-8cc81f-2b43-4d\">\u00daltimas noticias en nuestro blog<\/h2><style>.wp-block-gutenbee-heading.block-8cc81f-2b43-4d { text-align: center; }<\/style>\n\n\n\n<div id=\"block-3e9272-493f-4c\" class=\"wp-block-gutenbee-divider block-3e9272-493f-4c align-center\" style=\"height:10px\"><style>.wp-block-gutenbee-divider.block-3e9272-493f-4c { margin-bottom: 50px; }<\/style><div class=\"wp-block-gutenbee-divider-inner\" style=\"border-top-style:solid;border-top-width:3px;border-top-color:#fece7a;width:3%\"><\/div><\/div>\n\n\n\n<div class=\"wp-container-1 wp-block-group\"><div class=\"wp-block-group__inner-container\"><div id=\"block-70b41b-c461-4c\" class=\"wp-block-gutenbee-post-types block-70b41b-c461-4c \"><div class=\"row row-items row-columns-3\">\t\t\t\t<div class=\"noticias-es term-80 col-md-4 col-12\">\n<div id=\"entry-item-3481\" class=\"entry-item post-3481 post type-post status-publish format-standard has-post-thumbnail hentry category-noticias-es tag-algomaisqueuncoro-corocantabile tag-cantabileando-es tag-cantabileando205 tag-carmen tag-opera tag-verano\">\n\t\t\t<figure class=\"entry-item-thumb\">\n\t\t\t<a href=\"https:\/\/corocantabile.gal\/es\/xa-esta-aqui-o-resumo-do-veran-cantabile\/\">\n\t\t\t\t<img width=\"615\" height=\"410\" src=\"https:\/\/corocantabile.gal\/wp-content\/uploads\/2025\/12\/Imagen-de-WhatsApp-2025-12-15-a-las-15.04.03_72267081-615x410.jpg\" class=\"attachment-ignition_item size-ignition_item wp-post-image\" alt=\"\" loading=\"lazy\" \/>\t\t\t<\/a>\n\t\t<\/figure>\n\t\n\t<div class=\"entry-item-content\">\n\t\t<h4 class=\"entry-item-title\">\n\t\t\t<a href=\"https:\/\/corocantabile.gal\/es\/xa-esta-aqui-o-resumo-do-veran-cantabile\/\">Xa est\u00e1 aqu\u00ed o resumo do ver\u00e1n Cantabile!<\/a>\n\t\t<\/h4>\n\n\t\t<div class=\"entry-meta\">\n\t\t\t<span class=\"entry-meta-item\">\n\t\t\t\t<time datetime=\"2025-09-12T13:13:00+00:00\">septiembre 12, 2025<\/time>\n\t\t\t<\/span>\n\t\t<\/div>\n\n\t\t<a href=\"https:\/\/corocantabile.gal\/es\/xa-esta-aqui-o-resumo-do-veran-cantabile\/\" class=\"btn btn-entry-more\">\n\t\t\tSaber m\u00e1s\t\t<\/a>\n\t<\/div>\n<\/div>\n<\/div>\t\t\t\t<div class=\"noticias-es uncategorized-es term-80 term-67 col-md-4 col-12\">\n<div id=\"entry-item-3272\" class=\"entry-item post-3272 post type-post status-publish format-standard has-post-thumbnail hentry category-noticias-es category-uncategorized-es tag-certame-literario tag-letras-galegas\">\n\t\t\t<figure class=\"entry-item-thumb\">\n\t\t\t<a href=\"https:\/\/corocantabile.gal\/es\/certame-literario-2025\/\">\n\t\t\t\t<img width=\"615\" height=\"410\" src=\"https:\/\/corocantabile.gal\/wp-content\/uploads\/2025\/03\/bo-nadal1-1-615x410.png\" class=\"attachment-ignition_item size-ignition_item wp-post-image\" alt=\"\" loading=\"lazy\" srcset=\"https:\/\/corocantabile.gal\/wp-content\/uploads\/2025\/03\/bo-nadal1-1-615x410.png 615w, https:\/\/corocantabile.gal\/wp-content\/uploads\/2025\/03\/bo-nadal1-1-960x640.png 960w, https:\/\/corocantabile.gal\/wp-content\/uploads\/2025\/03\/bo-nadal1-1-1290x860.png 1290w\" sizes=\"(max-width: 615px) 100vw, 615px\" \/>\t\t\t<\/a>\n\t\t<\/figure>\n\t\n\t<div class=\"entry-item-content\">\n\t\t<h4 class=\"entry-item-title\">\n\t\t\t<a href=\"https:\/\/corocantabile.gal\/es\/certame-literario-2025\/\">Certame Literario 2025<\/a>\n\t\t<\/h4>\n\n\t\t<div class=\"entry-meta\">\n\t\t\t<span class=\"entry-meta-item\">\n\t\t\t\t<time datetime=\"2025-03-01T11:52:59+00:00\">marzo 1, 2025<\/time>\n\t\t\t<\/span>\n\t\t<\/div>\n\n\t\t<a href=\"https:\/\/corocantabile.gal\/es\/certame-literario-2025\/\" class=\"btn btn-entry-more\">\n\t\t\tSaber m\u00e1s\t\t<\/a>\n\t<\/div>\n<\/div>\n<\/div>\t\t\t\t<div class=\"noticias-es uncategorized-es term-80 term-67 col-md-4 col-12\">\n<div id=\"entry-item-3213\" class=\"entry-item post-3213 post type-post status-publish format-standard has-post-thumbnail hentry category-noticias-es category-uncategorized-es tag-amigoinvisible tag-concerto tag-navidad tag-nadal2024 tag-villancicos\">\n\t\t\t<figure class=\"entry-item-thumb\">\n\t\t\t<a href=\"https:\/\/corocantabile.gal\/es\/un-resumo-do-nadalcantabile\/\">\n\t\t\t\t<img width=\"615\" height=\"410\" src=\"https:\/\/corocantabile.gal\/wp-content\/uploads\/2025\/01\/belen-municipal-1-615x410.jpg\" class=\"attachment-ignition_item size-ignition_item wp-post-image\" alt=\"\" loading=\"lazy\" srcset=\"https:\/\/corocantabile.gal\/wp-content\/uploads\/2025\/01\/belen-municipal-1-615x410.jpg 615w, https:\/\/corocantabile.gal\/wp-content\/uploads\/2025\/01\/belen-municipal-1-300x200.jpg 300w, https:\/\/corocantabile.gal\/wp-content\/uploads\/2025\/01\/belen-municipal-1-1024x683.jpg 1024w, https:\/\/corocantabile.gal\/wp-content\/uploads\/2025\/01\/belen-municipal-1-768x512.jpg 768w, https:\/\/corocantabile.gal\/wp-content\/uploads\/2025\/01\/belen-municipal-1-1536x1025.jpg 1536w, https:\/\/corocantabile.gal\/wp-content\/uploads\/2025\/01\/belen-municipal-1-960x640.jpg 960w, https:\/\/corocantabile.gal\/wp-content\/uploads\/2025\/01\/belen-municipal-1-1290x860.jpg 1290w, https:\/\/corocantabile.gal\/wp-content\/uploads\/2025\/01\/belen-municipal-1-690x460.jpg 690w, https:\/\/corocantabile.gal\/wp-content\/uploads\/2025\/01\/belen-municipal-1.jpg 2048w\" sizes=\"(max-width: 615px) 100vw, 615px\" \/>\t\t\t<\/a>\n\t\t<\/figure>\n\t\n\t<div class=\"entry-item-content\">\n\t\t<h4 class=\"entry-item-title\">\n\t\t\t<a href=\"https:\/\/corocantabile.gal\/es\/un-resumo-do-nadalcantabile\/\">Un resumo do #nadalcantabile<\/a>\n\t\t<\/h4>\n\n\t\t<div class=\"entry-meta\">\n\t\t\t<span class=\"entry-meta-item\">\n\t\t\t\t<time datetime=\"2025-01-28T17:02:03+00:00\">enero 28, 2025<\/time>\n\t\t\t<\/span>\n\t\t<\/div>\n\n\t\t<a href=\"https:\/\/corocantabile.gal\/es\/un-resumo-do-nadalcantabile\/\" class=\"btn btn-entry-more\">\n\t\t\tSaber m\u00e1s\t\t<\/a>\n\t<\/div>\n<\/div>\n<\/div><\/div><\/div><\/div><\/div>\n<\/div><\/div>\n<\/div><\/div><div class=\"wp-block-gutenbee-container-background\" data-parallax-speed=\"0.3\"><\/div><\/div>\n\n\n\n<div id=\"block-a18ee7-4783-4e\" class=\"wp-block-gutenbee-container block-a18ee7-4783-4e\"><div class=\"wp-block-gutenbee-container-inner\"><div class=\"wp-block-gutenbee-container-row wp-block-gutenbee-container-lg\">\n<div class=\"wp-block-gutenbee-column block-a7bb73-82fa-49\"><style>.wp-block-gutenbee-column.block-a7bb73-82fa-49 { flex-basis: 100%; }\n\n\n      @media (max-width: 991px) {\n        .wp-block-gutenbee-column.block-a7bb73-82fa-49 { flex-basis: 100%; }\n      }\n    \n\n      @media (max-width: 575px) {\n        .wp-block-gutenbee-column.block-a7bb73-82fa-49 { flex-basis: 100%; }\n      }<\/style><div class=\"wp-block-gutenbee-column-content\">\n<div class=\"wp-block-gutenbee-column block-8b0305-28d8-46\"><style>.wp-block-gutenbee-column.block-8b0305-28d8-46 { flex-basis: 100%; }\n\n\n      @media (max-width: 991px) {\n        .wp-block-gutenbee-column.block-8b0305-28d8-46 { flex-basis: 100%; }\n      }\n    \n\n      @media (max-width: 575px) {\n        .wp-block-gutenbee-column.block-8b0305-28d8-46 { flex-basis: 100%; }\n      }<\/style><div class=\"wp-block-gutenbee-column-content\">\n<div class=\"wp-container-2 is-horizontal is-content-justification-center wp-block-buttons alignwide\">\n<div class=\"wp-block-button\"><a class=\"wp-block-button__link\" href=\"https:\/\/corocantabile.gal\/es\/noticias\/\" rel=\"\">Ver m\u00e1s noticias &#8230;<\/a><\/div>\n<\/div>\n<\/div><\/div>\n<\/div><\/div>\n<\/div><\/div><div class=\"wp-block-gutenbee-container-background\" data-parallax-speed=\"0.3\"><\/div><\/div>\n\n\n\n<div id=\"block-6843a8-a0\" class=\"wp-block-gutenbee-container block-6843a8-a0 theme-grid\"><style>.wp-block-gutenbee-container.block-6843a8-a0 { margin-bottom: 0px; padding-bottom: 80px; }<\/style><div class=\"wp-block-gutenbee-container-inner\"><div class=\"wp-block-gutenbee-container-row wp-block-gutenbee-container-lg\">\n<div class=\"wp-block-gutenbee-column block-ed50f8-f4\"><style>.wp-block-gutenbee-column.block-ed50f8-f4 { flex-basis: 100%; }\n\n\n      @media (max-width: 991px) {\n        .wp-block-gutenbee-column.block-ed50f8-f4 { flex-basis: 100%; }\n      }\n    \n\n      @media (max-width: 575px) {\n        .wp-block-gutenbee-column.block-ed50f8-f4 { flex-basis: 100%; }\n      }<\/style><div class=\"wp-block-gutenbee-column-content\">\n<h2 id=\"block-432296-c3e3-43\" class=\"wp-block-gutenbee-heading block-432296-c3e3-43 has-text-color\" style=\"color:#fff\">Nuestro \u00faltimo CD<\/h2><style>.wp-block-gutenbee-heading.block-432296-c3e3-43 { margin-bottom: 0px; padding-top: 40px; text-align: center; }<\/style>\n\n\n\n<p id=\"block-da238d-f0\" class=\"wp-block-gutenbee-paragraph block-da238d-f0\">Premio Mart\u00edn C\u00f3dax de la M\u00fasica (2020)<\/p><style>.wp-block-gutenbee-paragraph.block-da238d-f0 { margin-bottom: 15px; text-align: center; }<\/style>\n\n\n\n<div id=\"block-7fdbb2-b7\" class=\"wp-block-gutenbee-divider block-7fdbb2-b7 align-center\" style=\"height:10px\"><style>.wp-block-gutenbee-divider.block-7fdbb2-b7 { margin-bottom: 50px; }<\/style><div class=\"wp-block-gutenbee-divider-inner\" style=\"border-top-style:solid;border-top-width:3px;border-top-color:#fff;width:3%\"><\/div><\/div>\n\n\n\n<div id=\"block-d0bbfd-24\" class=\"wp-block-gutenbee-container block-d0bbfd-24\"><div class=\"wp-block-gutenbee-container-inner\"><div class=\"wp-block-gutenbee-container-row wp-block-gutenbee-container-lg\">\n<div class=\"wp-block-gutenbee-column block-52e74e-eb\"><style>.wp-block-gutenbee-column.block-52e74e-eb { flex-basis: 50%; }\n\n\n      @media (max-width: 991px) {\n        .wp-block-gutenbee-column.block-52e74e-eb { flex-basis: 100%; }\n      }\n    \n\n      @media (max-width: 575px) {\n        .wp-block-gutenbee-column.block-52e74e-eb { flex-basis: 100%; }\n      }<\/style><div class=\"wp-block-gutenbee-column-content\">\n<figure id=\"block-3f0043-0d\" class=\"wp-block-gutenbee-image block-3f0043-0d is-style-ignition-beat-border-image\"><style>@media (max-width: 991px) {\n        .wp-block-gutenbee-image.block-3f0043-0d { margin-bottom: 30px; }\n      }<\/style><a href=\"https:\/\/corocantabile.gal\/es\/discography\/palabras-de-luz-2019\/\"><img loading=\"lazy\" width=\"480\" height=\"480\" src=\"https:\/\/corocantabile.gal\/wp-content\/uploads\/2021\/03\/palabra-luz.png\" alt=\"palabras de luz\" class=\"wp-image-142\" srcset=\"https:\/\/corocantabile.gal\/wp-content\/uploads\/2021\/03\/palabra-luz.png 480w, https:\/\/corocantabile.gal\/wp-content\/uploads\/2021\/03\/palabra-luz-300x300.png 300w, https:\/\/corocantabile.gal\/wp-content\/uploads\/2021\/03\/palabra-luz-150x150.png 150w, https:\/\/corocantabile.gal\/wp-content\/uploads\/2021\/03\/palabra-luz-160x160.png 160w\" sizes=\"(max-width: 480px) 100vw, 480px\" \/><\/a><\/figure>\n<\/div><\/div>\n\n\n\n<div class=\"wp-block-gutenbee-column block-508ff8-22\"><style>.wp-block-gutenbee-column.block-508ff8-22 { flex-basis: 50%; }\n\n\n      @media (max-width: 991px) {\n        .wp-block-gutenbee-column.block-508ff8-22 { flex-basis: 100%; }\n      }\n    \n\n      @media (max-width: 575px) {\n        .wp-block-gutenbee-column.block-508ff8-22 { flex-basis: 100%; }\n      }<\/style><div class=\"wp-block-gutenbee-column-content\">\n<h3 id=\"block-eb085f-9d\" class=\"wp-block-gutenbee-heading block-eb085f-9d has-text-color\" style=\"color:#fff\">Palabras de luz<\/h3>\n\n\n\n<p id=\"block-4f3f2c-e9\" class=\"wp-block-gutenbee-paragraph block-4f3f2c-e9\">Nuestro \u00faltimo CD, <strong>Palabras de Luz<\/strong>, fue <a href=\"http:\/\/premiosmartincodaxdamusica.gal\/entities\/previous-editions\/2020\">galardonado con el Premio Mart\u00edn C\u00f3dax de la M\u00fasica<\/a> en la categor\u00eda de coros y agrupaciones vocales. El proyecto Palabras de Luz merece una atenci\u00f3n especial en nuestra trayectoria, por el intenso y continuo trabajo musical (y no musical) que demand\u00f3 durante dos a\u00f1os.<\/p>\n\n\n\n<figure class=\"wp-block-embed is-type-video is-provider-youtube wp-block-embed-youtube wp-embed-aspect-16-9 wp-has-aspect-ratio\"><div class=\"wp-block-embed__wrapper\">\n<div class=\"ignition-responsive-embed\"><iframe loading=\"lazy\" title=\"Palabras de Luz. Trailer. CORO CANTABILE\" width=\"960\" height=\"540\" src=\"https:\/\/www.youtube.com\/embed\/3K6b395JcRY?feature=oembed\" frameborder=\"0\" allow=\"accelerometer; autoplay; clipboard-write; encrypted-media; gyroscope; picture-in-picture; web-share\" referrerpolicy=\"strict-origin-when-cross-origin\" allowfullscreen><\/iframe><\/div>\n<\/div><\/figure>\n<\/div><\/div>\n<\/div><\/div><div class=\"wp-block-gutenbee-container-background\" data-parallax-speed=\"0.3\"><\/div><\/div>\n<\/div><\/div>\n<\/div><\/div><div class=\"wp-block-gutenbee-container-background\" data-parallax-speed=\"0.3\" style=\"background-color:rgba(254, 161, 1, 0.52)\"><\/div><\/div>\n\n\n\n<div id=\"block-e06d8f-36\" class=\"wp-block-gutenbee-container block-e06d8f-36 has-parallax theme-grid\"><style>.wp-block-gutenbee-container.block-e06d8f-36 { margin-bottom: 0px; padding-top: 80px;  padding-bottom: 80px; }<\/style><div class=\"wp-block-gutenbee-container-inner\"><div class=\"wp-block-gutenbee-container-row wp-block-gutenbee-container-lg\">\n<div class=\"wp-block-gutenbee-column block-9b86a4-05\"><style>.wp-block-gutenbee-column.block-9b86a4-05 { flex-basis: 100%; }\n\n\n      @media (max-width: 991px) {\n        .wp-block-gutenbee-column.block-9b86a4-05 { flex-basis: 100%; }\n      }\n    \n\n      @media (max-width: 575px) {\n        .wp-block-gutenbee-column.block-9b86a4-05 { flex-basis: 100%; }\n      }<\/style><div class=\"wp-block-gutenbee-column-content\">\n<h2 id=\"block-50e3fb-93\" class=\"wp-block-gutenbee-heading block-50e3fb-93\">Calendario de actuaciones<\/h2><style>.wp-block-gutenbee-heading.block-50e3fb-93 { margin-bottom: 0px; text-align: center; }<\/style>\n\n\n\n<p id=\"block-317ffa-bc\" class=\"wp-block-gutenbee-paragraph block-317ffa-bc\">2023\/2024<\/p><style>.wp-block-gutenbee-paragraph.block-317ffa-bc { margin-bottom: 15px; text-align: center; }<\/style>\n\n\n\n<div id=\"block-60e411-4e\" class=\"wp-block-gutenbee-divider block-60e411-4e align-center\" style=\"height:10px\"><style>.wp-block-gutenbee-divider.block-60e411-4e { margin-bottom: 50px; }<\/style><div class=\"wp-block-gutenbee-divider-inner\" style=\"border-top-style:solid;border-top-width:3px;border-top-color:#fece7a;width:3%\"><\/div><\/div>\n\n\n<div id=\"block-972cf7-651a-4c\" class=\"wp-block-gutenbee-post-types block-972cf7-651a-4c \"><div class=\"row row-items row-columns-1\">\t\t\t\t<div class=\"col-12\">\n\n\n<article id=\"entry-3478\" class=\"entry-item-event-media post-3478 ignition-event type-ignition-event status-publish hentry\">\n\t\t\t\t\t\t<div class=\"entry-item-event-media-date\">\n\t\t\t\t<span class=\"entry-item-event-media-day\">4<\/span>\n\t\t\t\t<div class=\"entry-item-event-media-meta-wrap\">\n\t\t\t\t\t<span class=\"entry-item-event-media-month\">enero<\/span>\n\t\t\t\t\t<span class=\"entry-item-event-media-year\">2026<\/span>\n\t\t\t\t<\/div>\n\t\t\t<\/div>\n\t\t\t\n\t<a href=\"https:\/\/corocantabile.gal\/es\/evento\/concerto-de-aninovo-en-sada\/\" class=\"entry-item-event-media-location\">\n\t\t\t\t\t<div class=\"entry-item-event-media-meta-wrap\">\n\t\t\t\t<span class=\"entry-item-event-media-venue\">\n\t\t\t\t\tCasa da Cultura Pintor Llor\u00e9ns\t\t\t\t<\/span>\n\t\t\t\t\t\t\t\t\t<span class=\"entry-item-event-media-time\">\n\t\t\t\t\t\t19:00\t\t\t\t\t<\/span>\n\t\t\t\t\t\t\t<\/div>\n\t\t\n\t\t<span class=\"entry-item-event-media-title\">Concerto de aninovo en Sada<\/span>\n\t<\/a>\n\n\t<div class=\"entry-item-event-media-actions\">\n\t\t<a href=\"https:\/\/corocantabile.gal\/es\/evento\/concerto-de-aninovo-en-sada\/\" class=\"btn entry-more-btn\">\n\t\t\tSaber M\u00e1s\t\t<\/a>\n\t<\/div>\n<\/article>\n<\/div>\t\t\t\t<div class=\"col-12\">\n\n\n<article id=\"entry-3464\" class=\"entry-item-event-media post-3464 ignition-event type-ignition-event status-publish hentry\">\n\t\t\t\t\t\t<div class=\"entry-item-event-media-date\">\n\t\t\t\t<span class=\"entry-item-event-media-day\">23<\/span>\n\t\t\t\t<div class=\"entry-item-event-media-meta-wrap\">\n\t\t\t\t\t<span class=\"entry-item-event-media-month\">diciembre<\/span>\n\t\t\t\t\t<span class=\"entry-item-event-media-year\">2025<\/span>\n\t\t\t\t<\/div>\n\t\t\t<\/div>\n\t\t\t\n\t<a href=\"https:\/\/corocantabile.gal\/es\/evento\/concerto-residencia-domusvi\/\" class=\"entry-item-event-media-location\">\n\t\t\t\t\t<div class=\"entry-item-event-media-meta-wrap\">\n\t\t\t\t<span class=\"entry-item-event-media-venue\">\n\t\t\t\t\tResidencia DomusVi (Cidade Vella)\t\t\t\t<\/span>\n\t\t\t\t\t\t\t\t\t<span class=\"entry-item-event-media-time\">\n\t\t\t\t\t\t11:00\t\t\t\t\t<\/span>\n\t\t\t\t\t\t\t<\/div>\n\t\t\n\t\t<span class=\"entry-item-event-media-title\">Concerto Residencia DomusVi<\/span>\n\t<\/a>\n\n\t<div class=\"entry-item-event-media-actions\">\n\t\t<a href=\"https:\/\/corocantabile.gal\/es\/evento\/concerto-residencia-domusvi\/\" class=\"btn entry-more-btn\">\n\t\t\tSaber M\u00e1s\t\t<\/a>\n\t<\/div>\n<\/article>\n<\/div>\t\t\t\t<div class=\"col-12\">\n\n\n<article id=\"entry-3462\" class=\"entry-item-event-media post-3462 ignition-event type-ignition-event status-publish hentry\">\n\t\t\t\t\t\t<div class=\"entry-item-event-media-date\">\n\t\t\t\t<span class=\"entry-item-event-media-day\">27<\/span>\n\t\t\t\t<div class=\"entry-item-event-media-meta-wrap\">\n\t\t\t\t\t<span class=\"entry-item-event-media-month\">diciembre<\/span>\n\t\t\t\t\t<span class=\"entry-item-event-media-year\">2025<\/span>\n\t\t\t\t<\/div>\n\t\t\t<\/div>\n\t\t\t\n\t<a href=\"https:\/\/corocantabile.gal\/es\/evento\/concerto-de-nadal\/\" class=\"entry-item-event-media-location\">\n\t\t\t\t\t<div class=\"entry-item-event-media-meta-wrap\">\n\t\t\t\t<span class=\"entry-item-event-media-venue\">\n\t\t\t\t\tIgrexa de San Nicol\u00e1s (A Coru\u00f1a)\t\t\t\t<\/span>\n\t\t\t\t\t\t\t\t\t<span class=\"entry-item-event-media-time\">\n\t\t\t\t\t\t20:30\t\t\t\t\t<\/span>\n\t\t\t\t\t\t\t<\/div>\n\t\t\n\t\t<span class=\"entry-item-event-media-title\">Concerto de Nadal<\/span>\n\t<\/a>\n\n\t<div class=\"entry-item-event-media-actions\">\n\t\t<a href=\"https:\/\/corocantabile.gal\/es\/evento\/concerto-de-nadal\/\" class=\"btn entry-more-btn\">\n\t\t\tSaber M\u00e1s\t\t<\/a>\n\t<\/div>\n<\/article>\n<\/div><\/div><\/div>\n\n\n<div class=\"wp-container-3 is-horizontal is-content-justification-center wp-block-buttons alignwide\">\n<div class=\"wp-block-button\"><a class=\"wp-block-button__link\" href=\"https:\/\/corocantabile.gal\/es\/agenda\/\" rel=\"\">Ver m\u00e1s eventos &#8230;<\/a><\/div>\n<\/div>\n<\/div><\/div>\n<\/div><\/div><div class=\"wp-block-gutenbee-container-background gutenbee-parallax\" data-parallax-speed=\"0.3\"><\/div><\/div>\n\n\n\n<div id=\"block-895863-4e\" class=\"wp-block-gutenbee-container block-895863-4e has-parallax theme-grid has-background-image\"><style>.wp-block-gutenbee-container.block-895863-4e { height: 670px; margin-bottom: 0px; align-items: center; }\n.wp-block-gutenbee-container.block-895863-4e > .wp-block-gutenbee-container-background { background-image: url(https:\/\/corocantabile.gal\/wp-content\/uploads\/2021\/03\/corocantabile.jpg); background-repeat: no-repeat; background-size: cover; background-position: center center; background-attachment: scroll; }<\/style><div class=\"wp-block-gutenbee-container-inner\"><div class=\"wp-block-gutenbee-container-row wp-block-gutenbee-container-lg\">\n<div class=\"wp-block-gutenbee-column block-01d9da-37\"><style>.wp-block-gutenbee-column.block-01d9da-37 { flex-basis: 81.42%; }\n\n\n      @media (max-width: 991px) {\n        .wp-block-gutenbee-column.block-01d9da-37 { flex-basis: 100%; }\n      }\n    \n\n      @media (max-width: 575px) {\n        .wp-block-gutenbee-column.block-01d9da-37 { flex-basis: 100%; }\n      }<\/style><div class=\"wp-block-gutenbee-column-content\" style=\"color:#fece7a\">\n<h3 id=\"block-ff80b9-42\" class=\"wp-block-gutenbee-heading block-ff80b9-42 has-text-color\" style=\"color:#fece7a\">Colabora con nosotros<\/h3>\n\n\n\n<p id=\"block-354f23-6b\">Cantabile es un proyecto muy amplio. La <strong>Asociaci\u00f3n Musical y Cultural Cantabile<\/strong> gestiona la actividad del <strong>Coro Infantil y Juvenil Cantabile<\/strong> para llevar a cabo una actividad art\u00edstica y did\u00e1ctica que ponga en valor el patrimonio cultural y musical, centrado en la m\u00fasica cl\u00e1sica (especialmente la m\u00fasica barroca), pero sin dejar de lado todo tipo de repertorios contempor\u00e1neos y populares. Adem\u00e1s, Cantabile proporciona a los ni\u00f1os y ni\u00f1as una alternativa de ocio en la que se inculcan valores como la perseverancia, el esfuerzo, la disciplina y, sobre todo, el compa\u00f1erismo y la amistad.<\/p>\n\n\n\n<div id=\"block-bc510f-ce\" class=\"wp-block-gutenbee-buttons block-bc510f-ce\"><style>.wp-block-gutenbee-buttons.block-bc510f-ce { margin-bottom: 0px; justify-content: flex-start; }<\/style>\n<div id=\"block-39b0ac-35\" class=\"wp-block-gutenbee-button block-39b0ac-35\"><style>.wp-block-gutenbee-button.block-39b0ac-35 .gutenbee-block-button-link { margin-bottom: 0px; padding: 20px 50px 20px 50px; }<\/style><a href=\"https:\/\/corocantabile.gal\/es\/el-proyecto-cantabile\/\" target=\"_blank\" rel=\"noopener noreferrer\" class=\"gutenbee-block-button-link\">As\u00f3ciate<\/a><\/div>\n<\/div>\n<\/div><\/div>\n\n\n\n<div class=\"wp-block-gutenbee-column block-7094aa-f6\"><style>.wp-block-gutenbee-column.block-7094aa-f6 .wp-block-gutenbee-column-content { [object Object] }\n.wp-block-gutenbee-column.block-7094aa-f6 { flex-basis: 19.54%; }\n\n\n      @media (max-width: 991px) {\n        .wp-block-gutenbee-column.block-7094aa-f6 { flex-basis: 100%; }\n      }\n    \n\n      @media (max-width: 575px) {\n        .wp-block-gutenbee-column.block-7094aa-f6 { flex-basis: 100%; }\n      }<\/style><div class=\"wp-block-gutenbee-column-content\"><\/div><\/div>\n<\/div><\/div><div class=\"wp-block-gutenbee-container-background gutenbee-parallax\" data-parallax-speed=\"0.3\" style=\"background-color:#ffffff\"><\/div><\/div>\n\n\n\n<div id=\"block-5c8d5b-6c\" class=\"wp-block-gutenbee-container block-5c8d5b-6c theme-grid\"><style>.wp-block-gutenbee-container.block-5c8d5b-6c { margin-bottom: 0px; padding-top: 60px;  padding-bottom: 80px; }<\/style><div class=\"wp-block-gutenbee-container-inner\"><div class=\"wp-block-gutenbee-container-row wp-block-gutenbee-container-lg\">\n<div class=\"wp-block-gutenbee-column block-61d6dd-ac\"><style>.wp-block-gutenbee-column.block-61d6dd-ac { flex-basis: 100%; }\n\n\n      @media (max-width: 991px) {\n        .wp-block-gutenbee-column.block-61d6dd-ac { flex-basis: 100%; }\n      }\n    \n\n      @media (max-width: 575px) {\n        .wp-block-gutenbee-column.block-61d6dd-ac { flex-basis: 100%; }\n      }<\/style><div class=\"wp-block-gutenbee-column-content\">\n<h2 id=\"block-732b14-b0\" class=\"wp-block-gutenbee-heading block-732b14-b0\">Discograf\u00eda Cantabile<\/h2><style>.wp-block-gutenbee-heading.block-732b14-b0 { margin-bottom: 0px; text-align: center; }<\/style>\n\n\n\n<p id=\"block-4dbe40-70\" class=\"wp-block-gutenbee-paragraph block-4dbe40-70\"><strong>Nuestros trabajos en CD y en streaming<\/strong><\/p><style>.wp-block-gutenbee-paragraph.block-4dbe40-70 { margin-bottom: 15px; text-align: center; }<\/style>\n\n\n\n<div id=\"block-40766f-e4\" class=\"wp-block-gutenbee-divider block-40766f-e4 align-center\" style=\"height:10px\"><style>.wp-block-gutenbee-divider.block-40766f-e4 { margin-bottom: 50px; }<\/style><div class=\"wp-block-gutenbee-divider-inner\" style=\"border-top-style:solid;border-top-width:3px;border-top-color:#fece7a;width:3%\"><\/div><\/div>\n\n\n<div id=\"block-eeba14-6899-4e\" class=\"wp-block-gutenbee-post-types block-eeba14-6899-4e \"><div class=\"row row-items row-columns-4\">\t\t\t\t<div class=\"col-xl-3 col-md-6 col-12\">\n<div id=\"entry-item-1464\" class=\"entry-item post-1464 ignition-discography type-ignition-discography status-publish has-post-thumbnail hentry\">\n\t\t\t<figure class=\"entry-item-thumb\">\n\t\t\t<a href=\"https:\/\/corocantabile.gal\/es\/discography\/palabras-de-luz-2019\/\">\n\t\t\t\t<img width=\"690\" height=\"690\" src=\"https:\/\/corocantabile.gal\/wp-content\/uploads\/2021\/03\/palabrasdeluz-690x690.jpg\" class=\"attachment-ignition_sidebar_tall size-ignition_sidebar_tall wp-post-image\" alt=\"\" loading=\"lazy\" srcset=\"https:\/\/corocantabile.gal\/wp-content\/uploads\/2021\/03\/palabrasdeluz-690x690.jpg 690w, https:\/\/corocantabile.gal\/wp-content\/uploads\/2021\/03\/palabrasdeluz-300x300.jpg 300w, https:\/\/corocantabile.gal\/wp-content\/uploads\/2021\/03\/palabrasdeluz-1024x1024.jpg 1024w, https:\/\/corocantabile.gal\/wp-content\/uploads\/2021\/03\/palabrasdeluz-150x150.jpg 150w, https:\/\/corocantabile.gal\/wp-content\/uploads\/2021\/03\/palabrasdeluz-768x768.jpg 768w, https:\/\/corocantabile.gal\/wp-content\/uploads\/2021\/03\/palabrasdeluz-510x510.jpg 510w, https:\/\/corocantabile.gal\/wp-content\/uploads\/2021\/03\/palabrasdeluz-160x160.jpg 160w, https:\/\/corocantabile.gal\/wp-content\/uploads\/2021\/03\/palabrasdeluz-560x560.jpg 560w, https:\/\/corocantabile.gal\/wp-content\/uploads\/2021\/03\/palabrasdeluz.jpg 1200w\" sizes=\"(max-width: 690px) 100vw, 690px\" \/>\t\t\t<\/a>\n\t\t<\/figure>\n\t\n\t<div class=\"entry-item-content\">\n\t\t<h2 class=\"entry-item-title\"><a href=\"https:\/\/corocantabile.gal\/es\/discography\/palabras-de-luz-2019\/\">Palabras de Luz. 2019<\/a><\/h2>\n\t\t\n\t\t<a href=\"https:\/\/corocantabile.gal\/es\/discography\/palabras-de-luz-2019\/\" class=\"btn btn-entry-more\">\n\t\t\tSaber m\u00e1s\t\t<\/a>\n\t<\/div>\n<\/div>\n<\/div>\t\t\t\t<div class=\"col-xl-3 col-md-6 col-12\">\n<div id=\"entry-item-1465\" class=\"entry-item post-1465 ignition-discography type-ignition-discography status-publish has-post-thumbnail hentry\">\n\t\t\t<figure class=\"entry-item-thumb\">\n\t\t\t<a href=\"https:\/\/corocantabile.gal\/es\/discography\/mozart-y-haydn-en-las-voces-de-cantabile-2014\/\">\n\t\t\t\t<img width=\"624\" height=\"629\" src=\"https:\/\/corocantabile.gal\/wp-content\/uploads\/2021\/03\/mozartyhaydn.jpg\" class=\"attachment-ignition_sidebar_tall size-ignition_sidebar_tall wp-post-image\" alt=\"\" loading=\"lazy\" srcset=\"https:\/\/corocantabile.gal\/wp-content\/uploads\/2021\/03\/mozartyhaydn.jpg 624w, https:\/\/corocantabile.gal\/wp-content\/uploads\/2021\/03\/mozartyhaydn-298x300.jpg 298w, https:\/\/corocantabile.gal\/wp-content\/uploads\/2021\/03\/mozartyhaydn-150x150.jpg 150w, https:\/\/corocantabile.gal\/wp-content\/uploads\/2021\/03\/mozartyhaydn-160x160.jpg 160w\" sizes=\"(max-width: 624px) 100vw, 624px\" \/>\t\t\t<\/a>\n\t\t<\/figure>\n\t\n\t<div class=\"entry-item-content\">\n\t\t<h2 class=\"entry-item-title\"><a href=\"https:\/\/corocantabile.gal\/es\/discography\/mozart-y-haydn-en-las-voces-de-cantabile-2014\/\">Mozart y Haydn en las voces de Cantabile. 2014<\/a><\/h2>\n\t\t\n\t\t<a href=\"https:\/\/corocantabile.gal\/es\/discography\/mozart-y-haydn-en-las-voces-de-cantabile-2014\/\" class=\"btn btn-entry-more\">\n\t\t\tSaber m\u00e1s\t\t<\/a>\n\t<\/div>\n<\/div>\n<\/div>\t\t\t\t<div class=\"col-xl-3 col-md-6 col-12\">\n<div id=\"entry-item-1466\" class=\"entry-item post-1466 ignition-discography type-ignition-discography status-publish has-post-thumbnail hentry\">\n\t\t\t<figure class=\"entry-item-thumb\">\n\t\t\t<a href=\"https:\/\/corocantabile.gal\/es\/discography\/vinde-ve-lo-neno-nadal-con-cantabile-2013\/\">\n\t\t\t\t<img width=\"624\" height=\"624\" src=\"https:\/\/corocantabile.gal\/wp-content\/uploads\/2021\/03\/Vinde-velo-neno1-624x624-1.jpg\" class=\"attachment-ignition_sidebar_tall size-ignition_sidebar_tall wp-post-image\" alt=\"\" loading=\"lazy\" srcset=\"https:\/\/corocantabile.gal\/wp-content\/uploads\/2021\/03\/Vinde-velo-neno1-624x624-1.jpg 624w, https:\/\/corocantabile.gal\/wp-content\/uploads\/2021\/03\/Vinde-velo-neno1-624x624-1-300x300.jpg 300w, https:\/\/corocantabile.gal\/wp-content\/uploads\/2021\/03\/Vinde-velo-neno1-624x624-1-150x150.jpg 150w, https:\/\/corocantabile.gal\/wp-content\/uploads\/2021\/03\/Vinde-velo-neno1-624x624-1-510x510.jpg 510w, https:\/\/corocantabile.gal\/wp-content\/uploads\/2021\/03\/Vinde-velo-neno1-624x624-1-160x160.jpg 160w, https:\/\/corocantabile.gal\/wp-content\/uploads\/2021\/03\/Vinde-velo-neno1-624x624-1-560x560.jpg 560w\" sizes=\"(max-width: 624px) 100vw, 624px\" \/>\t\t\t<\/a>\n\t\t<\/figure>\n\t\n\t<div class=\"entry-item-content\">\n\t\t<h2 class=\"entry-item-title\"><a href=\"https:\/\/corocantabile.gal\/es\/discography\/vinde-ve-lo-neno-nadal-con-cantabile-2013\/\">Vinde ve-lo Neno! Nadal con Cantabile. 2013<\/a><\/h2>\n\t\t\n\t\t<a href=\"https:\/\/corocantabile.gal\/es\/discography\/vinde-ve-lo-neno-nadal-con-cantabile-2013\/\" class=\"btn btn-entry-more\">\n\t\t\tSaber m\u00e1s\t\t<\/a>\n\t<\/div>\n<\/div>\n<\/div>\t\t\t\t<div class=\"col-xl-3 col-md-6 col-12\">\n<div id=\"entry-item-1467\" class=\"entry-item post-1467 ignition-discography type-ignition-discography status-publish has-post-thumbnail hentry\">\n\t\t\t<figure class=\"entry-item-thumb\">\n\t\t\t<a href=\"https:\/\/corocantabile.gal\/es\/discography\/sacra-et-profana-varios-artistas-2013\/\">\n\t\t\t\t<img width=\"350\" height=\"350\" src=\"https:\/\/corocantabile.gal\/wp-content\/uploads\/2021\/03\/sacraeprofana.jpg\" class=\"attachment-ignition_sidebar_tall size-ignition_sidebar_tall wp-post-image\" alt=\"\" loading=\"lazy\" srcset=\"https:\/\/corocantabile.gal\/wp-content\/uploads\/2021\/03\/sacraeprofana.jpg 350w, https:\/\/corocantabile.gal\/wp-content\/uploads\/2021\/03\/sacraeprofana-300x300.jpg 300w, https:\/\/corocantabile.gal\/wp-content\/uploads\/2021\/03\/sacraeprofana-150x150.jpg 150w, https:\/\/corocantabile.gal\/wp-content\/uploads\/2021\/03\/sacraeprofana-160x160.jpg 160w\" sizes=\"(max-width: 350px) 100vw, 350px\" \/>\t\t\t<\/a>\n\t\t<\/figure>\n\t\n\t<div class=\"entry-item-content\">\n\t\t<h2 class=\"entry-item-title\"><a href=\"https:\/\/corocantabile.gal\/es\/discography\/sacra-et-profana-varios-artistas-2013\/\">Sacra et Profana. Varios artistas. 2013<\/a><\/h2>\n\t\t\n\t\t<a href=\"https:\/\/corocantabile.gal\/es\/discography\/sacra-et-profana-varios-artistas-2013\/\" class=\"btn btn-entry-more\">\n\t\t\tSaber m\u00e1s\t\t<\/a>\n\t<\/div>\n<\/div>\n<\/div><\/div><\/div>\n\n\n<div class=\"wp-container-4 wp-block-buttons\"><\/div>\n<\/div><\/div>\n<\/div><\/div><div class=\"wp-block-gutenbee-container-background\" data-parallax-speed=\"0.3\"><\/div><\/div>\n\n\n\n<div id=\"block-a37ce4-2a\" class=\"wp-block-gutenbee-container block-a37ce4-2a has-parallax theme-grid\"><style>.wp-block-gutenbee-container.block-a37ce4-2a { margin-bottom: 0px; padding-top: 120px;  padding-bottom: 120px; align-items: center; }<\/style><div class=\"wp-block-gutenbee-container-inner\"><div class=\"wp-block-gutenbee-container-row wp-block-gutenbee-container-lg\">\n<div class=\"wp-block-gutenbee-column block-5d22eb-05\"><style>@media (max-width: 991px) {\n        .wp-block-gutenbee-column.block-5d22eb-05 { flex-basis: 100%; }\n      }\n    \n\n      @media (max-width: 575px) {\n        .wp-block-gutenbee-column.block-5d22eb-05 { flex-basis: 100%; }\n      }<\/style><div class=\"wp-block-gutenbee-column-content\">\n<h4 id=\"block-0b7ddf-3a\" class=\"wp-block-gutenbee-heading block-0b7ddf-3a\"><a href=\"https:\/\/www.youtube.com\/watch?v=D5RRuhG9RIs\">ORGULLO CANTABILE (2002 -2017)<\/a><\/h4><style>.wp-block-gutenbee-heading.block-0b7ddf-3a { margin-bottom: 0px; text-align: center; }<\/style>\n\n\n\n<p id=\"block-339643-74\" class=\"wp-block-gutenbee-paragraph block-339643-74\">Un documental sobre los primeros 15 a\u00f1os de la historia de Cantabile<\/p><style>.wp-block-gutenbee-paragraph.block-339643-74 { margin-bottom: 15px; text-align: center; }<\/style>\n\n\n\n<div id=\"block-7e8de7-92\" class=\"wp-block-gutenbee-divider block-7e8de7-92 align-center\" style=\"height:10px\"><style>.wp-block-gutenbee-divider.block-7e8de7-92 { margin-bottom: 50px; }<\/style><div class=\"wp-block-gutenbee-divider-inner\" style=\"border-top-style:solid;border-top-width:3px;border-top-color:#89919c;width:3%\"><\/div><\/div>\n\n\n\n<figure class=\"wp-block-embed is-type-video is-provider-youtube wp-block-embed-youtube wp-embed-aspect-16-9 wp-has-aspect-ratio\"><div class=\"wp-block-embed__wrapper\">\n<div class=\"ignition-responsive-embed\"><iframe loading=\"lazy\" title=\"#ORGULLOCANTABILE 2002 - 2017 \u2022 Parte 1 de 6\" width=\"960\" height=\"540\" src=\"https:\/\/www.youtube.com\/embed\/6szoUie9Kkg?feature=oembed\" frameborder=\"0\" allow=\"accelerometer; autoplay; clipboard-write; encrypted-media; gyroscope; picture-in-picture; web-share\" referrerpolicy=\"strict-origin-when-cross-origin\" allowfullscreen><\/iframe><\/div>\n<\/div><\/figure>\n<\/div><\/div>\n<\/div><\/div><div class=\"wp-block-gutenbee-container-background gutenbee-parallax\" data-parallax-speed=\"0.3\" style=\"background-color:#d3dcea\"><\/div><\/div>\n","protected":false},"excerpt":{"rendered":"","protected":false},"author":1,"featured_media":0,"parent":0,"menu_order":0,"comment_status":"closed","ping_status":"closed","template":"templates\/template-fullwidth.php","meta":[],"_links":{"self":[{"href":"https:\/\/corocantabile.gal\/es\/wp-json\/wp\/v2\/pages\/1421"}],"collection":[{"href":"https:\/\/corocantabile.gal\/es\/wp-json\/wp\/v2\/pages"}],"about":[{"href":"https:\/\/corocantabile.gal\/es\/wp-json\/wp\/v2\/types\/page"}],"author":[{"embeddable":true,"href":"https:\/\/corocantabile.gal\/es\/wp-json\/wp\/v2\/users\/1"}],"replies":[{"embeddable":true,"href":"https:\/\/corocantabile.gal\/es\/wp-json\/wp\/v2\/comments?post=1421"}],"version-history":[{"count":3,"href":"https:\/\/corocantabile.gal\/es\/wp-json\/wp\/v2\/pages\/1421\/revisions"}],"predecessor-version":[{"id":3458,"href":"https:\/\/corocantabile.gal\/es\/wp-json\/wp\/v2\/pages\/1421\/revisions\/3458"}],"wp:attachment":[{"href":"https:\/\/corocantabile.gal\/es\/wp-json\/wp\/v2\/media?parent=1421"}],"curies":[{"name":"wp","href":"https:\/\/api.w.org\/{rel}","templated":true}]}}